{"id":286,"date":"2017-11-16T17:39:08","date_gmt":"2017-11-16T16:39:08","guid":{"rendered":"https:\/\/www.avvocatofrancescoleone.it\/fl\/?page_id=286"},"modified":"2017-12-18T14:37:35","modified_gmt":"2017-12-18T13:37:35","slug":"news-diplomati-magistrali","status":"publish","type":"page","link":"https:\/\/www.avvocatofrancescoleone.it\/fl\/news-diplomati-magistrali\/","title":{"rendered":"News DIPLOMATI MAGISTRALI"},"content":{"rendered":"\t\t<div data-elementor-type=\"wp-page\" data-elementor-id=\"286\" class=\"elementor elementor-286 elementor-bc-flex-widget\">\n\t\t\t\t\t\t<section class=\"elementor-section elementor-top-section elementor-element elementor-element-7451fd29 elementor-section-boxed elementor-section-height-default elementor-section-height-default\" data-id=\"7451fd29\" data-element_type=\"section\" data-e-type=\"section\">\n\t\t\t\t\t\t<div class=\"elementor-container elementor-column-gap-default\">\n\t\t\t\t\t<div class=\"elementor-column elementor-col-100 elementor-top-column elementor-element elementor-element-3016dfbe\" data-id=\"3016dfbe\" data-element_type=\"column\" data-e-type=\"column\">\n\t\t\t<div class=\"elementor-widget-wrap elementor-element-populated\">\n\t\t\t\t\t\t<div class=\"elementor-element elementor-element-6b92a39 elementor-widget elementor-widget-spacer\" data-id=\"6b92a39\" data-element_type=\"widget\" data-e-type=\"widget\" data-widget_type=\"spacer.default\">\n\t\t\t\t<div class=\"elementor-widget-container\">\n\t\t\t\t\t\t\t<div class=\"elementor-spacer\">\n\t\t\t<div class=\"elementor-spacer-inner\"><\/div>\n\t\t<\/div>\n\t\t\t\t\t\t<\/div>\n\t\t\t\t<\/div>\n\t\t\t\t<div class=\"elementor-element elementor-element-831952f elementor-skin-slideshow elementor-aspect-ratio-219 elementor-arrows-yes elementor-widget elementor-widget-media-carousel\" data-id=\"831952f\" data-element_type=\"widget\" data-e-type=\"widget\" data-settings=\"{&quot;skin&quot;:&quot;slideshow&quot;,&quot;effect&quot;:&quot;slide&quot;,&quot;show_arrows&quot;:&quot;yes&quot;,&quot;speed&quot;:500,&quot;autoplay&quot;:&quot;yes&quot;,&quot;autoplay_speed&quot;:5000,&quot;loop&quot;:&quot;yes&quot;,&quot;pause_on_hover&quot;:&quot;yes&quot;,&quot;pause_on_interaction&quot;:&quot;yes&quot;,&quot;space_between&quot;:{&quot;unit&quot;:&quot;px&quot;,&quot;size&quot;:10,&quot;sizes&quot;:[]},&quot;space_between_tablet&quot;:{&quot;unit&quot;:&quot;px&quot;,&quot;size&quot;:10,&quot;sizes&quot;:[]},&quot;space_between_mobile&quot;:{&quot;unit&quot;:&quot;px&quot;,&quot;size&quot;:10,&quot;sizes&quot;:[]}}\" data-widget_type=\"media-carousel.default\">\n\t\t\t\t<div class=\"elementor-widget-container\">\n\t\t\t\t\t\t\t<div class=\"elementor-swiper\">\n\t\t\t<div class=\"elementor-main-swiper swiper-container\">\n\t\t\t\t<div class=\"swiper-wrapper\">\n\t\t\t\t\t\t\t\t\t\t\t<div class=\"swiper-slide\">\n\t\t\t\t\t\t\t\t\t<div class=\"elementor-carousel-image\" style=\"background-image: url(https:\/\/www.avvocatofrancescoleone.it\/fl\/wp-content\/uploads\/2017\/12\/consiglio-stato.jpg)\">\n\t\t\t\t\t<\/div>\n\t\t\t\t\t\t\t\t<\/div>\n\t\t\t\t\t\t\t\t\t\t\t<div class=\"swiper-slide\">\n\t\t\t\t\t\t\t\t\t<div class=\"elementor-carousel-image\" style=\"background-image: url(https:\/\/www.avvocatofrancescoleone.it\/fl\/wp-content\/uploads\/2017\/12\/logo-palazzo-spada.gif)\">\n\t\t\t\t\t<\/div>\n\t\t\t\t\t\t\t\t<\/div>\n\t\t\t\t\t\t\t\t\t\t\t<div class=\"swiper-slide\">\n\t\t\t\t\t\t\t\t\t<div class=\"elementor-carousel-image\" style=\"background-image: url(https:\/\/www.avvocatofrancescoleone.it\/fl\/wp-content\/uploads\/2017\/12\/diploma-magistrale_evid-e1510754005371.jpg)\">\n\t\t\t\t\t<\/div>\n\t\t\t\t\t\t\t\t<\/div>\n\t\t\t\t\t\t\t\t\t<\/div>\n\t\t\t\t\t\t\t\t\t\t\t\t\t\t\t\t\t\t\t\t<div class=\"elementor-swiper-button elementor-swiper-button-prev\">\n\t\t\t\t\t\t\t<i aria-hidden=\"true\" class=\"eicon-chevron-left\"><\/i>\t\t\t\t\t\t\t<span class=\"elementor-screen-only\">Previous<\/span>\n\t\t\t\t\t\t<\/div>\n\t\t\t\t\t\t<div class=\"elementor-swiper-button elementor-swiper-button-next\">\n\t\t\t\t\t\t\t<i aria-hidden=\"true\" class=\"eicon-chevron-right\"><\/i>\t\t\t\t\t\t\t<span class=\"elementor-screen-only\">Next<\/span>\n\t\t\t\t\t\t<\/div>\n\t\t\t\t\t\t\t\t\t\t\t\t<\/div>\n\t\t<\/div>\n\t\t\t\t<div class=\"elementor-swiper\">\n\t\t\t<div class=\"elementor-thumbnails-swiper swiper-container\">\n\t\t\t\t<div class=\"swiper-wrapper\">\n\t\t\t\t\t\t\t\t\t\t\t<div class=\"swiper-slide\">\n\t\t\t\t\t\t\t\t\t<div class=\"elementor-fit-aspect-ratio elementor-carousel-image\" style=\"background-image: url(https:\/\/www.avvocatofrancescoleone.it\/fl\/wp-content\/uploads\/2017\/12\/consiglio-stato.jpg)\">\n\t\t\t\t\t<\/div>\n\t\t\t\t\t\t\t\t<\/div>\n\t\t\t\t\t\t\t\t\t\t\t<div class=\"swiper-slide\">\n\t\t\t\t\t\t\t\t\t<div class=\"elementor-fit-aspect-ratio elementor-carousel-image\" style=\"background-image: url(https:\/\/www.avvocatofrancescoleone.it\/fl\/wp-content\/uploads\/2017\/12\/logo-palazzo-spada.gif)\">\n\t\t\t\t\t<\/div>\n\t\t\t\t\t\t\t\t<\/div>\n\t\t\t\t\t\t\t\t\t\t\t<div class=\"swiper-slide\">\n\t\t\t\t\t\t\t\t\t<div class=\"elementor-fit-aspect-ratio elementor-carousel-image\" style=\"background-image: url(https:\/\/www.avvocatofrancescoleone.it\/fl\/wp-content\/uploads\/2017\/12\/diploma-magistrale_evid-e1510754005371.jpg)\">\n\t\t\t\t\t<\/div>\n\t\t\t\t\t\t\t\t<\/div>\n\t\t\t\t\t\t\t\t\t<\/div>\n\t\t\t\t\t\t\t\t\t\t\t\t\t\t\t\t\t\t\t\t\t<\/div>\n\t\t<\/div>\n\t\t\t\t\t\t<\/div>\n\t\t\t\t<\/div>\n\t\t\t\t<div class=\"elementor-element elementor-element-517228a2 elementor-widget elementor-widget-image\" data-id=\"517228a2\" data-element_type=\"widget\" data-e-type=\"widget\" data-widget_type=\"image.default\">\n\t\t\t\t<div class=\"elementor-widget-container\">\n\t\t\t\t\t\t\t\t\t\t\t\t\t\t\t<img decoding=\"async\" width=\"140\" height=\"140\" src=\"https:\/\/www.avvocatofrancescoleone.it\/fl\/wp-content\/uploads\/2017\/11\/Fotografie-0027.jpg\" class=\"attachment-full size-full wp-image-228\" alt=\"\" srcset=\"https:\/\/www.avvocatofrancescoleone.it\/fl\/wp-content\/uploads\/2017\/11\/Fotografie-0027.jpg 140w, https:\/\/www.avvocatofrancescoleone.it\/fl\/wp-content\/uploads\/2017\/11\/Fotografie-0027-73x73.jpg 73w\" sizes=\"(max-width: 140px) 100vw, 140px\" \/>\t\t\t\t\t\t\t\t\t\t\t\t\t\t\t<\/div>\n\t\t\t\t<\/div>\n\t\t\t\t<div class=\"elementor-element elementor-element-12811daf elementor-widget elementor-widget-heading\" data-id=\"12811daf\" data-element_type=\"widget\" data-e-type=\"widget\" data-widget_type=\"heading.default\">\n\t\t\t\t<div class=\"elementor-widget-container\">\n\t\t\t\t\t<h4 class=\"elementor-heading-title elementor-size-default\">Avv. Francesco Leone<\/h4>\t\t\t\t<\/div>\n\t\t\t\t<\/div>\n\t\t\t\t<div class=\"elementor-element elementor-element-c37e5bc elementor-widget elementor-widget-spacer\" data-id=\"c37e5bc\" data-element_type=\"widget\" data-e-type=\"widget\" data-widget_type=\"spacer.default\">\n\t\t\t\t<div class=\"elementor-widget-container\">\n\t\t\t\t\t\t\t<div class=\"elementor-spacer\">\n\t\t\t<div class=\"elementor-spacer-inner\"><\/div>\n\t\t<\/div>\n\t\t\t\t\t\t<\/div>\n\t\t\t\t<\/div>\n\t\t\t\t<div class=\"elementor-element elementor-element-15708ffd elementor-widget elementor-widget-text-editor\" data-id=\"15708ffd\" data-element_type=\"widget\" data-e-type=\"widget\" data-widget_type=\"text-editor.default\">\n\t\t\t\t<div class=\"elementor-widget-container\">\n\t\t\t\t\t\t\t\t\t<h1><b>QUADRO NORMATIVO<\/b><\/h1>\t\t\t\t\t\t\t\t<\/div>\n\t\t\t\t<\/div>\n\t\t\t\t<div class=\"elementor-element elementor-element-133478f elementor-widget elementor-widget-text-editor\" data-id=\"133478f\" data-element_type=\"widget\" data-e-type=\"widget\" data-widget_type=\"text-editor.default\">\n\t\t\t\t<div class=\"elementor-widget-container\">\n\t\t\t\t\t\t\t\t\t<p class=\"MsoNormal\" style=\"margin-left: 14.2pt; line-height: 150%;\"><span style=\"mso-bidi-font-size: 11.0pt; line-height: 150%; font-family: 'Garamond',serif;\">Il sistema di reclutamento dei docenti della scuola statale \u00e8 un <b>sistema bipartito<\/b>, che prevede due canali di accesso alle cattedre:<\/span><\/p><p class=\"MsoNormal\" style=\"margin-left: 35.45pt; text-indent: -18pt; line-height: 150%;\"><!-- [if !supportLists]--><span style=\"mso-bidi-font-size: 11.0pt; line-height: 150%; font-family: 'Garamond',serif; mso-fareast-font-family: Garamond; mso-bidi-font-family: Garamond;\">1.<span style=\"font-style: normal; font-variant-numeric: normal; font-variant-east-asian: normal; font-weight: normal; font-stretch: normal; font-size: 7pt; line-height: normal; font-family: 'Times New Roman';\">\u00a0\u00a0\u00a0\u00a0\u00a0\u00a0 <\/span><\/span><!--[endif]--><span style=\"mso-bidi-font-size: 11.0pt; line-height: 150%; font-family: 'Garamond',serif;\">Il primo \u00e8 quello del <b>concorso<\/b>, nella duplice forma del concorso ordinario e del concorso riservato.<\/span><\/p><p class=\"MsoNormal\" style=\"margin-left: 35.45pt; text-indent: -18pt; line-height: 150%;\"><!-- [if !supportLists]--><span style=\"mso-bidi-font-size: 11.0pt; line-height: 150%; font-family: 'Garamond',serif; mso-fareast-font-family: Garamond; mso-bidi-font-family: Garamond;\">2.<span style=\"font-style: normal; font-variant-numeric: normal; font-variant-east-asian: normal; font-weight: normal; font-stretch: normal; font-size: 7pt; line-height: normal; font-family: 'Times New Roman';\">\u00a0\u00a0\u00a0\u00a0\u00a0\u00a0 <\/span><\/span><!--[endif]--><span style=\"mso-bidi-font-size: 11.0pt; line-height: 150%; font-family: 'Garamond',serif;\">Il secondo canale, invece, \u00e8 quello dello scorrimento delle graduatorie provinciali degli abilitati, qualificate dall\u2019art. 401 D.lgs. n. 297\/1994 alla stregua di graduatorie permanenti e successivamente trasformati in <b>graduatorie ad esaurimento<\/b> dall\u2019art. 1 comma 605 lett. c) Legge 27 dicembre 2006 n. 296.<\/span><\/p><p class=\"MsoNormal\" style=\"margin-left: 14.2pt; line-height: 150%;\"><span style=\"mso-bidi-font-size: 11.0pt; line-height: 150%; font-family: 'Garamond',serif;\">Esaminiamo, pi\u00f9 nel dettaglio, questo secondo canale.<\/span><\/p><p class=\"MsoNormal\" style=\"margin-left: 14.2pt; line-height: 150%;\"><b><span style=\"mso-bidi-font-size: 11.0pt; line-height: 150%; font-family: 'Garamond',serif;\">L\u2019art. 399 D.lgs. 16 aprile 1994 n. 297<\/span><\/b><span style=\"mso-bidi-font-size: 11.0pt; line-height: 150%; font-family: 'Garamond',serif;\">, come modificato dall\u2019art. 1 legge n. 124\/1999, stabilisce che <i>\u201cL&#8217;accesso ai ruoli del personale docente della scuola materna, elementare e secondaria, ivi compresi i licei artistici e gli istituti d&#8217;arte, ha luogo, per il 50 per cento dei posti a tal fine annualmente assegnabili, mediante concorsi per titoli ed esami e, per il restante 50 per cento, attingendo alle graduatorie permanenti di cui all&#8217;articolo 401\u201d<\/i>.<\/span><\/p><p class=\"MsoNormal\" style=\"margin-left: 14.2pt; line-height: 150%;\"><span style=\"mso-bidi-font-size: 11.0pt; line-height: 150%; font-family: 'Garamond',serif;\">L\u2019art. 401 D.lgs. 16 aprile 1994 n. 297, come modificato dall\u2019art. 1 legge n. 124\/1999, statuisce che le graduatorie relative ai concorsi per soli titoli del personale docente della scuola materna, elementare e secondaria, ivi compresi i licei artistici e gli istituti d&#8217;arte, sono trasformate in graduatorie permanenti, <b>da utilizzare per le assunzioni in ruolo di cui all&#8217;articolo 399, comma 1<\/b>.<\/span><\/p><p class=\"MsoNormal\" style=\"margin-left: 14.2pt; line-height: 150%;\"><span style=\"mso-bidi-font-size: 11.0pt; line-height: 150%; font-family: 'Garamond',serif;\">Le graduatorie, di natura provinciale, sono a loro volta <b>distinte in tre fasce<\/b>.<\/span><\/p><p class=\"MsoNormal\" style=\"margin-left: 14.2pt; line-height: 150%;\"><span style=\"mso-bidi-font-size: 11.0pt; line-height: 150%; font-family: 'Garamond',serif;\">Le G.A.E., di natura provinciale, sono a loro volta distinte in tre fasce, articolate in base ai requisiti posseduti dagli insegnanti:<\/span><\/p><p class=\"MsoNormal\" style=\"margin-left: 35.45pt; text-indent: -21.25pt; line-height: 150%;\"><span style=\"mso-bidi-font-size: 11.0pt; line-height: 150%; font-family: 'Garamond',serif;\">&#8211;\u00a0\u00a0\u00a0\u00a0\u00a0 la <u>prima fascia<\/u>, in cui vengono inseriti, ex art. 401 del D. Lgs n. 297\/94 i docenti gi\u00e0 inseriti nelle graduatorie dei soppressi concorsi per soli titoli;<\/span><\/p><p class=\"MsoNormal\" style=\"margin-left: 35.45pt; text-indent: -21.25pt; line-height: 150%;\"><span style=\"mso-bidi-font-size: 11.0pt; line-height: 150%; font-family: 'Garamond',serif;\">&#8211;\u00a0\u00a0\u00a0\u00a0\u00a0 la <u>seconda fascia<\/u>, in cui vengono inseriti gli aspiranti che, alla data di entrata in vigore della legge 124\/1999, ossia il 25 maggio 1999, erano in possesso dei requisiti per partecipare ai soppressi concorsi per soli titoli;<\/span><\/p><p class=\"MsoNormal\" style=\"margin-left: 35.45pt; text-indent: -21.25pt; line-height: 150%;\"><span style=\"mso-bidi-font-size: 11.0pt; line-height: 150%; font-family: 'Garamond',serif;\">&#8211;\u00a0\u00a0\u00a0\u00a0\u00a0 la <b><u>terza fascia<\/u><\/b>, riservata ai docenti che abbiano superato le prove di un precedente concorso per titoli ed esami anche a soli fini abilitativi (come i precedenti) oppure che fossero inseriti, alla data di entrata in vigore della L. 124\/1999, in una graduatoria per l&#8217;assunzione del personale non di ruolo, nonch\u00e9 in forza della l. n. 143\/04 <b>ai docenti in possesso di titolo abilitante<\/b> <b>all\u2019insegnamento comunque posseduto<\/b>.<\/span><\/p><p class=\"MsoNormal\" style=\"margin-left: 14.2pt; line-height: 150%;\"><span style=\"mso-bidi-font-size: 11.0pt; line-height: 150%; font-family: 'Garamond',serif;\">Le graduatorie permanenti, inizialmente, venivano integrate annualmente e, in occasione della tornata annuale di aggiornamento, veniva concesso agli aspiranti in possesso dei prescritti requisiti di presentare domanda ai fini dell\u2019inclusione, qualora non vi fossero gi\u00e0 inclusi.<\/span><\/p><p class=\"MsoNormal\" style=\"margin-left: 14.2pt; line-height: 150%;\"><span style=\"mso-bidi-font-size: 11.0pt; line-height: 150%; font-family: 'Garamond',serif;\">Quindi, ai fini dell\u2019accesso ai concorsi per soli titoli (dette graduatorie permanenti), <b>si accedeva previo conseguimento del titolo abilitante<\/b> conseguito a seguito del superamento di una qualunque procedura concorsuale, ordinaria, riservata oppure al termine di uno specifico percorso di studi universitari od accademici.<\/span><\/p><p class=\"MsoNormal\" style=\"margin-left: 14.2pt; line-height: 150%;\"><span style=\"mso-bidi-font-size: 11.0pt; line-height: 150%; font-family: 'Garamond',serif;\">L\u2019art. 1 co. 1 <i>bis<\/i> Legge n. 143\/2004 \u2013 di conversione del D.L. 07.04.2004 n. 97 &#8211; prevede che <i>\u201cDall&#8217;anno scolastico 2005-2006, la permanenza dei docenti nelle graduatorie permanenti di cui all&#8217;articolo 401 del Testo Unico avviene su domanda dell&#8217;interessato, da presentarsi entro il termine fissato per l&#8217;aggiornamento della graduatoria con apposito decreto del Ministro dell&#8217;istruzione, dell\u2019universit\u00e0 e della ricerca. La mancata presentazione della domanda comporta la cancellazione dalla graduatoria per gli anni scolastici successivi\u201d<\/i>.<\/span><\/p><p class=\"MsoNormal\" style=\"margin-left: 14.2pt; line-height: 150%;\"><span style=\"mso-bidi-font-size: 11.0pt; line-height: 150%; font-family: 'Garamond',serif;\">Tuttavia, la citata disposizione prevede che <i>\u201cA domanda dell&#8217;interessato, da presentarsi entro il medesimo termine, \u00e8 consentito il reinserimento nella graduatoria, con il recupero del punteggio maturato all&#8217;atto della cancellazione\u201d<\/i>.<\/span><\/p><p class=\"MsoNormal\" style=\"margin-left: 14.2pt; line-height: 150%;\"><span style=\"mso-bidi-font-size: 11.0pt; line-height: 150%; font-family: 'Garamond',serif;\">A partire dall\u2019A.S. 2005\/2006, l\u2019aggiornamento delle graduatorie, inizialmente effettuato con cadenza annuale, viene effettuato <b>con cadenza biennale<\/b>, cos\u00ec come previsto dall\u2019art. 1 co. 4 D.L. n. 97\/2004.<\/span><\/p><p class=\"MsoNormal\" style=\"margin-left: 14.2pt; line-height: 150%;\"><span style=\"mso-bidi-font-size: 11.0pt; line-height: 150%; font-family: 'Garamond',serif;\">Con l\u2019art. 1 comma 605 legge n. 296\/2006, le graduatorie permanenti vengono <b>trasformate in esaurimento<\/b>: <i>\u201cCon effetto dalla data di entrata in vigore della presente legge le graduatorie permanenti di cui all&#8217;articolo 1 del decreto-legge 7 aprile 2004, n. 97, convertito, con modificazioni, dalla legge 4 giugno 2004, n. 143, sono trasformate in graduatorie ad esaurimento. Sono fatti salvi gli inserimenti nelle stesse graduatorie da effettuare per il biennio 2007-2008 per i docenti gi\u00e0 in possesso di abilitazione, e con riserva del conseguimento del titolo di abilitazione, per i docenti che frequentano, alla data di entrata in vigore della presente legge, i corsi abilitanti speciali indetti ai sensi del predetto decreto-legge n. 97 del 2004, i corsi presso le scuole di specializzazione all&#8217;insegnamento secondario (SISS), i corsi biennali accademici di secondo livello ad indirizzo didattico (COBASLID), i corsi di didattica della musica presso i Conservatori di musica e il corso di laurea in Scienza della formazione primaria. La predetta riserva si intende sciolta con il conseguimento del titolo di abilitazione\u201d<\/i>.<\/span><\/p><p class=\"MsoNormal\" style=\"margin-left: 14.2pt; line-height: 150%;\"><span style=\"mso-bidi-font-size: 11.0pt; line-height: 150%; font-family: 'Garamond',serif;\">La trasformazione in graduatorie ad esaurimento \u00e8 entrata in vigore <b>dal 1\u00b0 gennaio 2007<\/b> ed avrebbe dovuto portare ad un <b>graduale assorbimento del fenomeno del precariato<\/b> anche per il tramite della <i>\u201cdefinizione di un piano triennale per l\u2019assunzione a tempo indeterminato di personale docente per gli anni 2007-2009, da verificare annualmente, d\u2019intesa con il ministero dell\u2019economia e delle finanze e con la presidenza del Consiglio dei Ministri &#8211; Dipartimento per la funzione pubblica, circa la concreta fattibilit\u00e0 dello stesso, per complessive 150.000 unit\u00e0, al fine di dare adeguata soluzione al fenomeno del precariato storico e di evitarne la ricostituzione, di stabilizzare e rendere pi\u00f9 funzionali gli assetti scolastici, di attivare azioni tese ad abbassare l\u2019et\u00e0 media del personale docente\u201d<\/i> (art. 1 co. 605 Legge 27 dicembre 2006 n. 296).<\/span><\/p><p class=\"MsoNormal\" style=\"margin-left: 14.2pt; line-height: 150%;\"><span style=\"mso-bidi-font-size: 11.0pt; line-height: 150%; font-family: 'Garamond',serif;\">L\u2019intenzione del legislatore, dunque, era quella di <u>impedire il costante accrescimento<\/u> del numero degli aspiranti che, di un anno in anno, entravano nelle graduatorie permanenti e, al tempo stesso, era diretta a dare una risposta alle legittime aspirazioni del precariato storico attraverso un piano di assunzioni volta a ridurre sensibilmente il numero.<\/span><\/p><p class=\"MsoNormal\" style=\"margin-left: 14.2pt; line-height: 150%;\"><span style=\"mso-bidi-font-size: 11.0pt; line-height: 150%; font-family: 'Garamond',serif;\">Con detto provvedimento si \u00e8 posto un termine ultimo (anno 2007) per l\u2019ingresso nelle graduatorie, consentendo per il futuro la possibilit\u00e0 di disporre gli accertamenti biennali, esulando dalla norma qualsiasi intento di prefigurare l\u2019esclusione dalle medesime, per chi gi\u00e0 abbia un titolo abilitante conseguito prima del 2007.<\/span><\/p><p class=\"MsoNormal\" style=\"margin-left: 14.2pt; line-height: 150%;\"><span style=\"mso-bidi-font-size: 11.0pt; line-height: 150%; font-family: 'Garamond',serif;\">Detto termine non era stato posto per i docenti (come di dir\u00e0 in seguito non pu\u00f2 parlarsi di termine decadenziale o di prescrizione), ma era posto per il MIUR, che avrebbe dovuto allineare le G.A.E. <b>consentendo l\u2019ingresso a chi gi\u00e0 era in possesso di un titolo abilitante<\/b>.<\/span><\/p><p class=\"MsoNormal\" style=\"margin-left: 14.2pt; line-height: 150%;\"><span style=\"mso-bidi-font-size: 11.0pt; line-height: 150%; font-family: 'Garamond',serif;\">Una volta esaurita la fase provinciale, vale a dire lo scorrimento delle graduatorie ad esaurimento provinciali (che termina il 31 dicembre di ogni anno o, comunque, all\u2019atto dell\u2019esaurimento delle graduatorie provinciali), la legge prevede che i supplenti vengano attinti dall\u2019elenco di cui all\u2019art. 5 del decreto n. 131\/2007, vale a dire dalle cosiddette <b>graduatorie di circolo e di istituto.<\/b><\/span><\/p><p class=\"MsoNormal\" style=\"margin-left: 14.2pt; line-height: 150%;\"><span style=\"font-family: Garamond, serif;\">L\u2019aggiornamento delle graduatorie, infatti, avviene <\/span><b style=\"font-family: Garamond, serif; font-style: inherit;\">previa emanazione di appositi provvedimenti emanati dal Ministero dell\u2019istruzione<\/b><span style=\"font-family: Garamond, serif;\"> (vale a dire D.M.), che indicano i requisiti da possedere per il nuovo inserimento e le tabelle con i punteggi da assegnare agli aspiranti.<\/span><\/p><p class=\"MsoNormal\" style=\"margin-left: 14.2pt; line-height: 150%;\"><span style=\"mso-bidi-font-size: 11.0pt; line-height: 150%; font-family: 'Garamond',serif;\">Da ultimo, il <b>Decreto Ministeriale n. 235 del 01.04.2014 <\/b>ha disposto l\u2019aggiornamento delle graduatorie per il triennio 2014\/2015, 2015\/2016 e 2016\/2017.<\/span><\/p><p class=\"MsoNormal\" style=\"margin-left: 14.2pt; line-height: 150%;\"><span style=\"mso-bidi-font-size: 11.0pt; line-height: 150%; font-family: 'Garamond',serif;\">Poich\u00e9 il citato D.M. <b><u>non consentiva<\/u><\/b> ai docenti titolari del diploma magistrale, conseguito entro l&#8217;a.s. 2001\/2002, <b><u>di presentare domanda di inserimento nelle GAE e gli escludeva dalle stesse graduatorie<\/u><\/b>, il <b>Consiglio di Stato, <\/b>su ricorso di vari docenti, con la cit. sent. n. 1973 del 16\/04\/2015, ha <b><u>annullato il<\/u> <u>D.M. n. 235\/2014<\/u> <\/b>in quanto &#8220;<i>i criteri fissati dal decreto ministeriale n. 235\/2014, <b><u>nella parte in cui hanno precluso ai docenti muniti del diploma magistrale conseguito entro l&#8217;anno scolastico 2001\/2002, l&#8217;inserimento nelle graduatorie provinciali permanenti<\/u><\/b> ora ad esaurimento, sono illegittimi e vanno annullati&#8221;,<\/i> con conseguente possibilit\u00e0 di tutti i docenti in possesso del diploma magistrale conseguito con il vecchio ordinamento di ottenere l&#8217;inserimento nelle GAE.\u00a0<\/span><\/p>\t\t\t\t\t\t\t\t<\/div>\n\t\t\t\t<\/div>\n\t\t\t\t<div class=\"elementor-element elementor-element-3487c8a elementor-widget elementor-widget-text-editor\" data-id=\"3487c8a\" data-element_type=\"widget\" data-e-type=\"widget\" data-widget_type=\"text-editor.default\">\n\t\t\t\t<div class=\"elementor-widget-container\">\n\t\t\t\t\t\t\t\t\t<h1><b>VALORE ABILITANTE<\/b><\/h1>\t\t\t\t\t\t\t\t<\/div>\n\t\t\t\t<\/div>\n\t\t\t\t<div class=\"elementor-element elementor-element-5ca4ef3 elementor-widget elementor-widget-text-editor\" data-id=\"5ca4ef3\" data-element_type=\"widget\" data-e-type=\"widget\" data-widget_type=\"text-editor.default\">\n\t\t\t\t<div class=\"elementor-widget-container\">\n\t\t\t\t\t\t\t\t\t<p class=\"MsoNormal\" style=\"margin-left: 14.2pt; line-height: 150%;\"><span style=\"mso-bidi-font-size: 11.0pt; line-height: 150%; font-family: 'Garamond',serif;\">L&#8217;art.\u00a0<b>194, co. 1,\u00a0<\/b>del\u00a0<b>D.lgs. n. 297\/94<\/b>\u00a0sanciva che: \u201c<i>Al termine del corso di studi della\u00a0<b>scuola magistrale<\/b>\u00a0si sostengono gli esami per il conseguimento del\u00a0<b><u>titolo di abilitazione<\/u><\/b><u>\u00a0<b>all&#8217;insegnamento nelle scuole materne&#8221;<\/b><\/u><\/i><\/span><\/p><p class=\"MsoNormal\" style=\"margin-left: 14.2pt; line-height: 150%;\"><span style=\"line-height: 150%; font-family: Garamond, serif;\">La successiva legge n. 226 del 17.10.2005, nell&#8217;abrogare tale disposizione, ha disposto, all&#8217;art. 31, co. 2, che le disposizioni abrogate\u00a0<i>\u201ccontinuano ad applicarsi\u00a0limitatamente alle classi di istituti e scuole di istruzione secondaria superiore ancora funzionanti secondo\u00a0il precedente ordinamento, ed agli alunni ad essi iscritti, e sono abrogate a decorrere dall&#8217;anno scolastico successivo al completo esaurimento delle predette classi &#8220;<\/i>.<\/span><\/p><p class=\"MsoNormal\" style=\"margin-left: 14.2pt; line-height: 150%;\"><span style=\"line-height: 150%; font-family: Garamond, serif;\">L&#8217;art.\u00a0197, co. 1, del D.lgs. n. 297\/94\u00a0ha, a sua volta, sancito <i>&#8220;A conclusione degli studi svolti nel ginnasio-liceo classico, nel liceo scientifico, nel liceo artistico nell&#8217;istituto tecnico e nell&#8217;istituto magistrale si sostiene un esame di maturit\u00e0, che \u00e8 esame di Stato e si svolge in unica sessione annuale.\u00a0Il titolo conseguito nell&#8217;esame di maturit\u00e0\u00a0a conclusione dei corsi di studio dell&#8217;istituto tecnico e\u00a0dell&#8217;istituto magistrale\u00a0abilita, rispettivamente, all&#8217;esercizio della professione ed\u00a0all&#8217;insegnamento nella scuola elementare&#8221;<\/i>.<\/span><\/p><p class=\"MsoNormal\" style=\"margin-left: 14.2pt; line-height: 150%;\"><span style=\"line-height: 150%; font-family: Garamond, serif;\">Il\u00a0D.P.R. n. 232\/98,\u00a0all&#8217;art. 15, co. 7,\u00a0ha\u00a0poi\u00a0fatto salvo in via permanente l&#8217;attuale valore legale abilitante\u00a0dei corsi di studio dell&#8217;Istituto magistrale\u00a0iniziati entro l&#8217;a.s. 1997\/1998.<\/span><\/p><p class=\"MsoNormal\" style=\"margin-left: 14.2pt; line-height: 150%;\"><span style=\"line-height: 150%; font-family: Garamond, serif;\"><br \/> Il valore abilitante del diploma risulta del resto confermato anche dal\u00a0Decreto Ministeriale del\u00a010.03.1997 n. 175, il quale nelle premesse, ribadisce che <i>&#8220;Visto il Testo Unico delle disposizioni legislative vigenti in materia di istruzione, approvato col decreto legislativo 16 aprile 1994 n. 297 e, in particolare: &#8230; l&#8217;art. 194, comma 1, e l&#8217;art. 197, comma 1, nei quali\u00a0\u00e8 attribuito valore abilitante all&#8217;insegnamento nelle scuole materne ed elementari ai titoli che si conseguono al termine del corso di studi della scuola magistrale e dell&#8217;istituto magistrale&#8221;,\u00a0precisando,\u00a0all&#8217;art. 3, co. 1, che: &#8220;In relazione alla soppressione dei corsi triennali di scuola magistrale e di quelli quadriennali ed integrativi di istituto magistrale (\u2026)\u00a0\u00e8 istituita una nuova tipologia di istituto di istruzione secondaria di secondo grado\u00a0(\u2026) di durata quinquennale (\u2026). Al termine del predetto corso di studi si consegue il diploma di maturit\u00e0\u00a0non avente valore abilitante all&#8217;insegnamento nella scuola elementare e non idoneo all&#8217;insegnamento nella scuola materna&#8221;<\/i>.<\/span><\/p><p class=\"MsoNormal\" style=\"margin-left: 14.2pt; line-height: 150%;\"><span style=\"mso-bidi-font-size: 11.0pt; line-height: 150%; font-family: 'Garamond',serif;\">Ci\u00f2 \u00e8 stato infine, recentemente, ribadito ai fini dell\u2019emissione del concorso a cattedra, dal D.D.G. n. 82 del 24 settembre 2012.<\/span><\/p>\t\t\t\t\t\t\t\t<\/div>\n\t\t\t\t<\/div>\n\t\t\t\t<div class=\"elementor-element elementor-element-b8cf78b elementor-widget elementor-widget-text-editor\" data-id=\"b8cf78b\" data-element_type=\"widget\" data-e-type=\"widget\" data-widget_type=\"text-editor.default\">\n\t\t\t\t<div class=\"elementor-widget-container\">\n\t\t\t\t\t\t\t\t\t<h1><b>LA DECISIONE\u00a0<\/b><\/h1><h1><b>DELL&#8217;ADUNANZA PLENARIA<\/b><\/h1>\t\t\t\t\t\t\t\t<\/div>\n\t\t\t\t<\/div>\n\t\t\t\t<div class=\"elementor-element elementor-element-a7f88e7 elementor-widget elementor-widget-text-editor\" data-id=\"a7f88e7\" data-element_type=\"widget\" data-e-type=\"widget\" data-widget_type=\"text-editor.default\">\n\t\t\t\t<div class=\"elementor-widget-container\">\n\t\t\t\t\t\t\t\t\t<p class=\"MsoNormal\" style=\"margin-left: 14.2pt; line-height: 150%;\"><span style=\"mso-bidi-font-size: 11.0pt; line-height: 150%; font-family: 'Garamond',serif;\">In data 15 novembre, si \u00e8 riunita l\u2019Adunanza Plenaria del\u00a0<strong>Consiglio di Stato<\/strong>, che \u00e8 chiamata a decidere sulle sorti dei diplomati magistrali<\/span><\/p><p class=\"MsoNormal\" style=\"margin-left: 14.2pt; line-height: 150%;\"><span style=\"font-family: Garamond, serif;\">In attesa dell&#8217;esito, con il fiato sospeso, sono i diplomati magistrali\u00a0<\/span><strong style=\"font-family: Garamond, serif;\">inseriti nella II fascia delle graduatorie di istituto<\/strong><span style=\"font-family: Garamond, serif;\">, oltre ai docenti precari gi\u00e0 inseriti in Gae, in virt\u00f9 di provvedimenti giurisdizionali acutelari del Giudice amministrativo<\/span><span style=\"font-family: Garamond, serif;\">.<\/span><\/p><p class=\"MsoNormal\" style=\"margin-left: 14.2pt; line-height: 150%;\"><span style=\"mso-bidi-font-size: 11.0pt; line-height: 150%; font-family: 'Garamond',serif;\">C<strong>\u2019\u00e8, quindi, chi ha ottenuto l\u2019immissione in ruolo con riserva<\/strong>, chi ha avuto l\u2019<strong>accantonamento del posto<\/strong>, chi non \u00e8 semplicemente inserito in GAE ed attende.<\/span><\/p><p>\u00a0<\/p><p class=\"MsoNormal\" style=\"margin-left: 14.2pt; line-height: 150%;\"><span style=\"mso-bidi-font-size: 11.0pt; line-height: 150%; font-family: 'Garamond',serif;\">Ad oggi, non si conoscono i tempi di comunicazione del verdetto, che pu\u00f2 andare da qualche giorno fino a 45 giorni.<\/span><\/p><p class=\"MsoNormal\" style=\"margin-left: 14.2pt; line-height: 150%;\"><span style=\"mso-bidi-font-size: 11.0pt; line-height: 150%; font-family: 'Garamond',serif;\">I nodi che\u00a0la VI sezione del Consiglio di Stato \u00e8 chiamata a dirimere sono diversi: riguardano il valore abilitante del diploma magistrale, l&#8217;efficacia <i>erga omnes <\/i>delle decisioni dello stesso Consiglio di Stato, la falcolt\u00e0 di impugnare un Decreto Ministeriale diverso e successivo a quello del 2014.<\/span><\/p><p class=\"MsoNormal\" style=\"margin-left: 14.2pt; line-height: 150%;\"><span style=\"mso-bidi-font-size: 11.0pt; line-height: 150%; font-family: 'Garamond',serif;\">Questione importante da capire \u00e8 quella relativa a chi non ha presentato ricorso: prevarr\u00e0 una logica ristretta ai ricorrenti o prevarr\u00e0 un buon senso, che tuteli il buon nome della P.A. e del suo andamento?<\/span><\/p>\t\t\t\t\t\t\t\t<\/div>\n\t\t\t\t<\/div>\n\t\t\t\t\t<\/div>\n\t\t<\/div>\n\t\t\t\t\t<\/div>\n\t\t<\/section>\n\t\t\t\t<section class=\"elementor-section elementor-top-section elementor-element elementor-element-1ac58527 elementor-section-boxed elementor-section-height-default elementor-section-height-default\" data-id=\"1ac58527\" data-element_type=\"section\" data-e-type=\"section\">\n\t\t\t\t\t\t<div class=\"elementor-container elementor-column-gap-no\">\n\t\t\t\t\t<div class=\"elementor-column elementor-col-100 elementor-top-column elementor-element elementor-element-52c06436\" data-id=\"52c06436\" data-element_type=\"column\" data-e-type=\"column\">\n\t\t\t<div class=\"elementor-widget-wrap elementor-element-populated\">\n\t\t\t\t\t\t<div class=\"elementor-element elementor-element-183e871d elementor-pagination-position-inside elementor-widget elementor-widget-image-carousel\" data-id=\"183e871d\" data-element_type=\"widget\" data-e-type=\"widget\" data-settings=\"{&quot;slides_to_show&quot;:&quot;1&quot;,&quot;navigation&quot;:&quot;dots&quot;,&quot;autoplay&quot;:&quot;yes&quot;,&quot;pause_on_hover&quot;:&quot;yes&quot;,&quot;pause_on_interaction&quot;:&quot;yes&quot;,&quot;autoplay_speed&quot;:5000,&quot;infinite&quot;:&quot;yes&quot;,&quot;effect&quot;:&quot;slide&quot;,&quot;speed&quot;:500}\" data-widget_type=\"image-carousel.default\">\n\t\t\t\t<div class=\"elementor-widget-container\">\n\t\t\t\t\t\t\t<div class=\"elementor-image-carousel-wrapper swiper\" role=\"region\" aria-roledescription=\"carousel\" aria-label=\"Carosello d&#039;immagini\" dir=\"ltr\">\n\t\t\t<div class=\"elementor-image-carousel swiper-wrapper\" aria-live=\"off\">\n\t\t\t\t\t\t\t\t<div class=\"swiper-slide\" role=\"group\" aria-roledescription=\"slide\" aria-label=\"1 di 2\"><figure class=\"swiper-slide-inner\"><img decoding=\"async\" class=\"swiper-slide-image\" src=\"https:\/\/www.avvocatofrancescoleone.it\/fl\/wp-content\/uploads\/elementor\/thumbs\/lhtqjazuprq-breather-nj1xttt3ohoy0q8y72y1vmi95ed894jj3wnyw3of38.jpg\" alt=\"lhtqjazuprq-breather.jpg\" \/><\/figure><\/div><div class=\"swiper-slide\" role=\"group\" aria-roledescription=\"slide\" aria-label=\"2 di 2\"><figure class=\"swiper-slide-inner\"><img decoding=\"async\" class=\"swiper-slide-image\" src=\"https:\/\/www.avvocatofrancescoleone.it\/fl\/wp-content\/uploads\/elementor\/thumbs\/9l_326fiszk-luca-bravo-nj1xtuqxvbq8cc7l1lcog49pqs8lgtn9g1bgddn0x0.jpg\" alt=\"9l_326fiszk-luca-bravo.jpg\" \/><\/figure><\/div>\t\t\t<\/div>\n\t\t\t\t\t\t\t\n\t\t\t\t\t\t\t\t\t<div class=\"swiper-pagination\"><\/div>\n\t\t\t\t\t\t\t\t\t<\/div>\n\t\t\t\t\t\t<\/div>\n\t\t\t\t<\/div>\n\t\t\t\t\t<\/div>\n\t\t<\/div>\n\t\t\t\t\t<\/div>\n\t\t<\/section>\n\t\t\t\t<\/div>\n\t\t","protected":false},"excerpt":{"rendered":"<p>Avv. Francesco Leone QUADRO NORMATIVO Il sistema di reclutamento dei docenti della scuola statale \u00e8 un sistema bipartito, che prevede due canali di accesso alle cattedre: 1.\u00a0\u00a0\u00a0\u00a0\u00a0\u00a0 Il primo \u00e8 quello del concorso, nella duplice forma del concorso ordinario e del concorso riservato. 2.\u00a0\u00a0\u00a0\u00a0\u00a0\u00a0 Il secondo canale, invece, \u00e8 quello dello scorrimento delle graduatorie provinciali<a class=\"read-more\" href=\"https:\/\/www.avvocatofrancescoleone.it\/fl\/news-diplomati-magistrali\/\"><br \/>-> Continue reading<span class=\"screen-reader-text\">  News DIPLOMATI MAGISTRALI<\/span><\/a><\/p>\n","protected":false},"author":1,"featured_media":0,"parent":0,"menu_order":0,"comment_status":"closed","ping_status":"closed","template":"","meta":{"footnotes":""},"class_list":["post-286","page","type-page","status-publish","hentry"],"wppr_data":{"cwp_meta_box_check":"No"},"_links":{"self":[{"href":"https:\/\/www.avvocatofrancescoleone.it\/fl\/wp-json\/wp\/v2\/pages\/286","targetHints":{"allow":["GET"]}}],"collection":[{"href":"https:\/\/www.avvocatofrancescoleone.it\/fl\/wp-json\/wp\/v2\/pages"}],"about":[{"href":"https:\/\/www.avvocatofrancescoleone.it\/fl\/wp-json\/wp\/v2\/types\/page"}],"author":[{"embeddable":true,"href":"https:\/\/www.avvocatofrancescoleone.it\/fl\/wp-json\/wp\/v2\/users\/1"}],"replies":[{"embeddable":true,"href":"https:\/\/www.avvocatofrancescoleone.it\/fl\/wp-json\/wp\/v2\/comments?post=286"}],"version-history":[{"count":14,"href":"https:\/\/www.avvocatofrancescoleone.it\/fl\/wp-json\/wp\/v2\/pages\/286\/revisions"}],"predecessor-version":[{"id":373,"href":"https:\/\/www.avvocatofrancescoleone.it\/fl\/wp-json\/wp\/v2\/pages\/286\/revisions\/373"}],"wp:attachment":[{"href":"https:\/\/www.avvocatofrancescoleone.it\/fl\/wp-json\/wp\/v2\/media?parent=286"}],"curies":[{"name":"wp","href":"https:\/\/api.w.org\/{rel}","templated":true}]}}